{"id":6553,"date":"2026-01-16T19:59:04","date_gmt":"2026-01-16T18:59:04","guid":{"rendered":"https:\/\/mesvoyagesinterieurs.com\/?page_id=6553"},"modified":"2026-08-16T01:38:48","modified_gmt":"2026-08-15T23:38:48","slug":"stage","status":"publish","type":"page","link":"https:\/\/mesvoyagesinterieurs.com\/index.php\/stage\/","title":{"rendered":"Stages"},"content":{"rendered":"\t\t<div data-elementor-type=\"wp-page\" data-elementor-id=\"6553\" class=\"elementor elementor-6553\">\n\t\t\t\t\t\t<section class=\"elementor-section elementor-top-section elementor-element elementor-element-5e0f451 elementor-section-content-middle p-t-xl p-b-lg elementor-section-boxed elementor-section-height-default elementor-section-height-default\" data-id=\"5e0f451\" data-element_type=\"section\">\r\n\t\t\r\n\t\t\t\t\t\t\t<div class=\"elementor-container elementor-column-gap-default\">\r\n\t\t\t\t\t\t\t\t\t\t\t<div class=\"elementor-column elementor-col-50 elementor-top-column elementor-element elementor-element-dca7b68\" data-id=\"dca7b68\" data-element_type=\"column\">\r\n\t\t\t\t\t<div class=\"elementor-widget-wrap elementor-element-populated\">\r\n\t\t\t\t\t\t\t\t<div class=\"elementor-element elementor-element-2cd2b15 elementor-widget elementor-widget-text-editor\" data-id=\"2cd2b15\" data-element_type=\"widget\" data-widget_type=\"text-editor.default\">\n\t\t\t\t<div class=\"elementor-widget-container\">\n\t\t\t<style>\/*! elementor - v3.21.0 - 26-05-2024 *\/\n.elementor-widget-text-editor.elementor-drop-cap-view-stacked .elementor-drop-cap{background-color:#69727d;color:#fff}.elementor-widget-text-editor.elementor-drop-cap-view-framed .elementor-drop-cap{color:#69727d;border:3px solid;background-color:transparent}.elementor-widget-text-editor:not(.elementor-drop-cap-view-default) .elementor-drop-cap{margin-top:8px}.elementor-widget-text-editor:not(.elementor-drop-cap-view-default) .elementor-drop-cap-letter{width:1em;height:1em}.elementor-widget-text-editor .elementor-drop-cap{float:left;text-align:center;line-height:1;font-size:50px}.elementor-widget-text-editor .elementor-drop-cap-letter{display:inline-block}<\/style>\t\t\t\t<h1>Retraite Immersive\n \u00e0 Marrakech<\/h1>\n<h3 id=\"cc-m-header-8212431281\" class=\"\">Du 21 au 28 novembre 2026<\/h3>\t\t\t\t\t\t<\/div>\n\t\t\t\t<\/div>\n\t\t\t\t<div class=\"elementor-element elementor-element-27be85a elementor-widget elementor-widget-text-editor\" data-id=\"27be85a\" data-element_type=\"widget\" data-widget_type=\"text-editor.default\">\n\t\t\t\t<div class=\"elementor-widget-container\">\n\t\t\t\t\t\t\t<h3>L&rsquo;art de la Deuxi\u00e8me Vie<\/h3>\t\t\t\t\t\t<\/div>\n\t\t\t\t<\/div>\n\t\t\t\t<div class=\"elementor-element elementor-element-96948b3 elementor-widget__width-initial elementor-widget elementor-widget-text-editor\" data-id=\"96948b3\" data-element_type=\"widget\" data-widget_type=\"text-editor.default\">\n\t\t\t\t<div class=\"elementor-widget-container\">\n\t\t\t\t\t\t\t<p>Quand la retraite devient le d\u00e9but d&rsquo;une nouvelle aventure int\u00e9rieure.<\/p><p>\u00c0 l&rsquo;heure o\u00f9 le travail s&rsquo;efface, une autre question appara\u00eet :<br \/>Qui suis-je lorsque je ne suis plus\u00a0d\u00e9fini par ce que je fais?<\/p><p>Pendant quelques jours, immerg\u00e9e dans la magie de Marrakech,\u00a0nous prendrons le temps de faire le point, de redonner du sens,\u00a0de r\u00e9inventer les projets, de retrouver l&rsquo;\u00e9lan, d&rsquo;explorer la place\u00a0du couple, de la famille, des r\u00eaves oubli\u00e9s et de cette libert\u00e9 nouvelle\u00a0qui peut parfois faire peur mais qui peut aussi devenir\u00a0l&rsquo;une des plus belles saisons de l&rsquo;existence.<\/p><p>3 grandes travers\u00e9es pour r\u00e9inventer votre vie\u00a0<\/p><p>7 jours\u00a0pour revenir \u00e0\u00a0l&rsquo;essentiel\u00a0et vous r\u00e9inventer<\/p><p>1. Faire la paix\u00a0avec la vie professionnelle\u00a0qui s&rsquo;ach\u00e8ve<br \/><br \/>Quitter un r\u00f4le sans perdre son identit\u00e9,\u00a0reconna\u00eetre ce qui a \u00e9t\u00e9 accompli et\u00a0accueillir les \u00e9motions li\u00e9es \u00e0\u00a0cette transition.<\/p><p>2. R\u00e9inventer\u00a0sa vie personnelle\u00a0et relationnelle<br \/><br \/>Retrouver le go\u00fbt de cr\u00e9er, explorer\u00a0ses aspirations profondes, red\u00e9couvrir\u00a0le couple ou apprendre \u00e0 habiter\u00a0pleinement une nouvelle libert\u00e9.<\/p><p>3. Donner un nouvel \u00e9lan\u00a0\u00e0 son avenir<br \/><br \/>D\u00e9finir sa contribution, nourrir son sentiment\u00a0d&rsquo;utilit\u00e9, transmettre, voyager, apprendre,\u00a0aimer, et faire de cette \u00e9tape un \u00e2ge\u00a0de maturit\u00e9 cr\u00e9atrice plut\u00f4t\u00a0qu&rsquo;un temps de retrait.<\/p><p>Ce stage est pour vous qui souhaitez faire de cette transition de vie un v\u00e9ritable\u00a0tremplin de passage, afin que cette nouvelle saison de votre existence soit choisie,\u00a0habit\u00e9e et pleinement vivante.<\/p><p>MARRAKECH &#8211;\u00a0MAROC<br \/>INFOS &amp; INSCRIPTION<br \/>ccb37000@gmail.com<\/p>\t\t\t\t\t\t<\/div>\n\t\t\t\t<\/div>\n\t\t\t\t\t<\/div>\r\n\t\t\t\t<\/div>\r\n\t\t\t\t<div class=\"elementor-column elementor-col-50 elementor-top-column elementor-element elementor-element-82c3d70\" data-id=\"82c3d70\" data-element_type=\"column\">\r\n\t\t\t\t\t<div class=\"elementor-widget-wrap elementor-element-populated\">\r\n\t\t\t\t\t\t\t\t<div class=\"elementor-element elementor-element-333dee4 elementor-widget elementor-widget-image\" data-id=\"333dee4\" data-element_type=\"widget\" data-widget_type=\"image.default\">\n\t\t\t\t<div class=\"elementor-widget-container\">\n\t\t\t<style>\/*! elementor - v3.21.0 - 26-05-2024 *\/\n.elementor-widget-image{text-align:center}.elementor-widget-image a{display:inline-block}.elementor-widget-image a img[src$=\".svg\"]{width:48px}.elementor-widget-image img{vertical-align:middle;display:inline-block}<\/style>\t\t\t\t\t\t\t\t\t\t<img fetchpriority=\"high\" decoding=\"async\" width=\"683\" height=\"1024\" src=\"https:\/\/mesvoyagesinterieurs.com\/wp-content\/uploads\/2026\/08\/1782751269-683x1024.png\" class=\"attachment-large size-large wp-image-7289\" alt=\"\" srcset=\"https:\/\/mesvoyagesinterieurs.com\/wp-content\/uploads\/2026\/08\/1782751269-683x1024.png 683w, https:\/\/mesvoyagesinterieurs.com\/wp-content\/uploads\/2026\/08\/1782751269-320x480.png 320w, https:\/\/mesvoyagesinterieurs.com\/wp-content\/uploads\/2026\/08\/1782751269-480x720.png 480w, https:\/\/mesvoyagesinterieurs.com\/wp-content\/uploads\/2026\/08\/1782751269-640x960.png 640w, https:\/\/mesvoyagesinterieurs.com\/wp-content\/uploads\/2026\/08\/1782751269-400x600.png 400w, https:\/\/mesvoyagesinterieurs.com\/wp-content\/uploads\/2026\/08\/1782751269-367x551.png 367w, https:\/\/mesvoyagesinterieurs.com\/wp-content\/uploads\/2026\/08\/1782751269-600x900.png 600w\" sizes=\"(max-width: 683px) 100vw, 683px\" \/>\t\t\t\t\t\t\t\t\t\t\t\t\t<\/div>\n\t\t\t\t<\/div>\n\t\t\t\t\t<\/div>\r\n\t\t\t\t<\/div>\r\n\t\t\t\t\t<\/div>\r\n\t\t\t\t<\/section>\r\n\t\t\t\t<section class=\"elementor-section elementor-top-section elementor-element elementor-element-cb8d710 elementor-section-content-middle p-t-xl p-b-lg elementor-section-boxed elementor-section-height-default elementor-section-height-default\" data-id=\"cb8d710\" data-element_type=\"section\">\r\n\t\t\r\n\t\t\t\t\t\t\t<div class=\"elementor-container elementor-column-gap-default\">\r\n\t\t\t\t\t\t\t\t\t\t\t<div class=\"elementor-column elementor-col-50 elementor-top-column elementor-element elementor-element-d9c98f0\" data-id=\"d9c98f0\" data-element_type=\"column\">\r\n\t\t\t\t\t<div class=\"elementor-widget-wrap elementor-element-populated\">\r\n\t\t\t\t\t\t\t\t<div class=\"elementor-element elementor-element-8cdb039 elementor-widget elementor-widget-text-editor\" data-id=\"8cdb039\" data-element_type=\"widget\" data-widget_type=\"text-editor.default\">\n\t\t\t\t<div class=\"elementor-widget-container\">\n\t\t\t\t\t\t\t<h1>Retraite Immersive<br \/>\u00e0 Essaouira<\/h1><h3 id=\"cc-m-header-8212431281\" class=\"\">Du 17 au 24 Avril 2027<\/h3>\t\t\t\t\t\t<\/div>\n\t\t\t\t<\/div>\n\t\t\t\t<div class=\"elementor-element elementor-element-323da37 elementor-widget elementor-widget-text-editor\" data-id=\"323da37\" data-element_type=\"widget\" data-widget_type=\"text-editor.default\">\n\t\t\t\t<div class=\"elementor-widget-container\">\n\t\t\t\t\t\t\t<h3>La M\u00e9decine TOLT\u00c8QUE DU C\u0152UR<\/h3>\t\t\t\t\t\t<\/div>\n\t\t\t\t<\/div>\n\t\t\t\t<div class=\"elementor-element elementor-element-76d7590 elementor-widget__width-initial elementor-widget elementor-widget-text-editor\" data-id=\"76d7590\" data-element_type=\"widget\" data-widget_type=\"text-editor.default\">\n\t\t\t\t<div class=\"elementor-widget-container\">\n\t\t\t\t\t\t\t<p>Un chemin de transformation\u00a0et de reconnexion \u00e0 votre c\u0153ur<\/p><p>CR\u00c9ATION LIBERT\u00c9 R\u00c9CEPTION PROTECTION L\u00c9G\u00c8RET\u00c9 AMOUR<\/p><p>CR\u00c9ATIVIT\u00c9 LIB\u00c9RATION \u00c9MISSION OUVERTURE FLUIDIT\u00c9 PAIX<\/p><ul><li>Enseignements inspirants<\/li><li>Rituels symboliques<\/li><li>M\u00e9ditations &amp; silence<\/li><li>Mouvement &amp; danse m\u00e9decine<\/li><li>Temps de cr\u00e9ativit\u00e9 &amp; nature<\/li><li>Gu\u00e9rison du c\u0153ur &amp; de l&rsquo;\u00e2me<\/li><\/ul><p>\u00c0 ESSAOUIRA, MAROC<\/p><p>UNE RETRAITE INITIATIQUE\u00a0POUR GU\u00c9RIR, AIMER\u00a0ET VIVRE LIBRE<\/p><p>INFOS &amp; INSCRIPTION &#8211;\u00a0 <a href=\"mailto:ccb37000@gmail.com\">ccb37000@gmail.com<\/a><\/p>\t\t\t\t\t\t<\/div>\n\t\t\t\t<\/div>\n\t\t\t\t\t<\/div>\r\n\t\t\t\t<\/div>\r\n\t\t\t\t<div class=\"elementor-column elementor-col-50 elementor-top-column elementor-element elementor-element-797f51e\" data-id=\"797f51e\" data-element_type=\"column\">\r\n\t\t\t\t\t<div class=\"elementor-widget-wrap elementor-element-populated\">\r\n\t\t\t\t\t\t\t\t<div class=\"elementor-element elementor-element-837b4eb elementor-widget elementor-widget-image\" data-id=\"837b4eb\" data-element_type=\"widget\" data-widget_type=\"image.default\">\n\t\t\t\t<div class=\"elementor-widget-container\">\n\t\t\t\t\t\t\t\t\t\t\t\t\t<img decoding=\"async\" width=\"683\" height=\"1024\" src=\"https:\/\/mesvoyagesinterieurs.com\/wp-content\/uploads\/2026\/08\/1782751360-683x1024.png\" class=\"attachment-large size-large wp-image-7296\" alt=\"\" srcset=\"https:\/\/mesvoyagesinterieurs.com\/wp-content\/uploads\/2026\/08\/1782751360-683x1024.png 683w, https:\/\/mesvoyagesinterieurs.com\/wp-content\/uploads\/2026\/08\/1782751360-320x480.png 320w, https:\/\/mesvoyagesinterieurs.com\/wp-content\/uploads\/2026\/08\/1782751360-480x720.png 480w, https:\/\/mesvoyagesinterieurs.com\/wp-content\/uploads\/2026\/08\/1782751360-640x960.png 640w, https:\/\/mesvoyagesinterieurs.com\/wp-content\/uploads\/2026\/08\/1782751360-400x600.png 400w, https:\/\/mesvoyagesinterieurs.com\/wp-content\/uploads\/2026\/08\/1782751360-367x551.png 367w, https:\/\/mesvoyagesinterieurs.com\/wp-content\/uploads\/2026\/08\/1782751360-600x900.png 600w\" sizes=\"(max-width: 683px) 100vw, 683px\" \/>\t\t\t\t\t\t\t\t\t\t\t\t\t<\/div>\n\t\t\t\t<\/div>\n\t\t\t\t\t<\/div>\r\n\t\t\t\t<\/div>\r\n\t\t\t\t\t<\/div>\r\n\t\t\t\t<\/section>\r\n\t\t\t\t<section class=\"elementor-section elementor-top-section elementor-element elementor-element-8ddd0d7 elementor-section-content-middle p-t-xl p-b-lg elementor-section-boxed elementor-section-height-default elementor-section-height-default\" data-id=\"8ddd0d7\" data-element_type=\"section\">\r\n\t\t\r\n\t\t\t\t\t\t\t<div class=\"elementor-container elementor-column-gap-default\">\r\n\t\t\t\t\t\t\t\t\t\t\t<div class=\"elementor-column elementor-col-50 elementor-top-column elementor-element elementor-element-f80bd62\" data-id=\"f80bd62\" data-element_type=\"column\">\r\n\t\t\t\t\t<div class=\"elementor-widget-wrap elementor-element-populated\">\r\n\t\t\t\t\t\t\t\t<div class=\"elementor-element elementor-element-afd3299 elementor-widget elementor-widget-text-editor\" data-id=\"afd3299\" data-element_type=\"widget\" data-widget_type=\"text-editor.default\">\n\t\t\t\t<div class=\"elementor-widget-container\">\n\t\t\t\t\t\t\t<h1>Retraite Immersive<br \/>\u00e0 ESSAOUIRA<\/h1><h3>18 AU 25 SEPTEMBRE 2027\u00a0<\/h3>\t\t\t\t\t\t<\/div>\n\t\t\t\t<\/div>\n\t\t\t\t<div class=\"elementor-element elementor-element-a1fce0c elementor-widget elementor-widget-text-editor\" data-id=\"a1fce0c\" data-element_type=\"widget\" data-widget_type=\"text-editor.default\">\n\t\t\t\t<div class=\"elementor-widget-container\">\n\t\t\t\t\t\t\t<h3>DANSE, PRIE, AIME &#8211; A la Source de la Vie !<\/h3>\t\t\t\t\t\t<\/div>\n\t\t\t\t<\/div>\n\t\t\t\t<div class=\"elementor-element elementor-element-a8e3da5 elementor-widget__width-initial elementor-widget elementor-widget-text-editor\" data-id=\"a8e3da5\" data-element_type=\"widget\" data-widget_type=\"text-editor.default\">\n\t\t\t\t<div class=\"elementor-widget-container\">\n\t\t\t\t\t\t\t<p><span style=\"color: rgba(6, 8, 31, 0.88); font-family: D-DINExp, 'DM Sans', -apple-system, BlinkMacSystemFont, 'Segoe UI', Roboto, 'Helvetica Neue', Arial, 'Noto Sans', sans-serif, 'Apple Color Emoji', 'Segoe UI Emoji', 'Segoe UI Symbol', 'Noto Color Emoji'; font-size: 14px; font-weight: 400; white-space: pre-wrap;\">Un voyage <\/span><span style=\"color: rgba(6, 8, 31, 0.88); font-family: D-DINExp, 'DM Sans', -apple-system, BlinkMacSystemFont, 'Segoe UI', Roboto, 'Helvetica Neue', Arial, 'Noto Sans', sans-serif, 'Apple Color Emoji', 'Segoe UI Emoji', 'Segoe UI Symbol', 'Noto Color Emoji'; font-size: 14px; font-weight: 400; white-space: pre-wrap;\">int\u00e9rieur <\/span><span style=\"color: rgba(6, 8, 31, 0.88); font-family: D-DINExp, 'DM Sans', -apple-system, BlinkMacSystemFont, 'Segoe UI', Roboto, 'Helvetica Neue', Arial, 'Noto Sans', sans-serif, 'Apple Color Emoji', 'Segoe UI Emoji', 'Segoe UI Symbol', 'Noto Color Emoji'; font-size: 14px; font-weight: 400; white-space: pre-wrap;\">pour rayonner <\/span><span style=\"color: rgba(6, 8, 31, 0.88); font-family: D-DINExp, 'DM Sans', -apple-system, BlinkMacSystemFont, 'Segoe UI', Roboto, 'Helvetica Neue', Arial, 'Noto Sans', sans-serif, 'Apple Color Emoji', 'Segoe UI Emoji', 'Segoe UI Symbol', 'Noto Color Emoji'; font-size: 14px; font-weight: 400; white-space: pre-wrap;\">pleinement <\/span><span style=\"color: rgba(6, 8, 31, 0.88); font-family: D-DINExp, 'DM Sans', -apple-system, BlinkMacSystemFont, 'Segoe UI', Roboto, 'Helvetica Neue', Arial, 'Noto Sans', sans-serif, 'Apple Color Emoji', 'Segoe UI Emoji', 'Segoe UI Symbol', 'Noto Color Emoji'; font-size: 14px; font-weight: 400; white-space: pre-wrap;\">votre vie !<\/span><br style=\"--tw-border-spacing-x: 0; --tw-border-spacing-y: 0; --tw-translate-x: 0; --tw-translate-y: 0; --tw-rotate: 0; --tw-skew-x: 0; --tw-skew-y: 0; --tw-scale-x: 1; --tw-scale-y: 1; --tw-scroll-snap-strictness: proximity; --tw-ring-offset-width: 0px; --tw-ring-offset-color: #fff; --tw-ring-color: rgb(59 130 246 \/ .5); --tw-ring-offset-shadow: 0 0 #0000; --tw-ring-shadow: 0 0 #0000; --tw-shadow: 0 0 #0000; --tw-shadow-colored: 0 0 #0000; color: rgba(6, 8, 31, 0.88); font-family: D-DINExp, 'DM Sans', -apple-system, BlinkMacSystemFont, 'Segoe UI', Roboto, 'Helvetica Neue', Arial, 'Noto Sans', sans-serif, 'Apple Color Emoji', 'Segoe UI Emoji', 'Segoe UI Symbol', 'Noto Color Emoji'; font-size: 14px; font-weight: 400; white-space: pre-wrap;\" \/><br style=\"--tw-border-spacing-x: 0; --tw-border-spacing-y: 0; --tw-translate-x: 0; --tw-translate-y: 0; --tw-rotate: 0; --tw-skew-x: 0; --tw-skew-y: 0; --tw-scale-x: 1; --tw-scale-y: 1; --tw-scroll-snap-strictness: proximity; --tw-ring-offset-width: 0px; --tw-ring-offset-color: #fff; --tw-ring-color: rgb(59 130 246 \/ .5); --tw-ring-offset-shadow: 0 0 #0000; --tw-ring-shadow: 0 0 #0000; --tw-shadow: 0 0 #0000; --tw-shadow-colored: 0 0 #0000; color: rgba(6, 8, 31, 0.88); font-family: D-DINExp, 'DM Sans', -apple-system, BlinkMacSystemFont, 'Segoe UI', Roboto, 'Helvetica Neue', Arial, 'Noto Sans', sans-serif, 'Apple Color Emoji', 'Segoe UI Emoji', 'Segoe UI Symbol', 'Noto Color Emoji'; font-size: 14px; font-weight: 400; white-space: pre-wrap;\" \/><span style=\"color: rgba(6, 8, 31, 0.88); font-family: D-DINExp, 'DM Sans', -apple-system, BlinkMacSystemFont, 'Segoe UI', Roboto, 'Helvetica Neue', Arial, 'Noto Sans', sans-serif, 'Apple Color Emoji', 'Segoe UI Emoji', 'Segoe UI Symbol', 'Noto Color Emoji'; font-size: 14px; white-space: pre-wrap;\">AU PROGRAMME<\/span><br style=\"--tw-border-spacing-x: 0; --tw-border-spacing-y: 0; --tw-translate-x: 0; --tw-translate-y: 0; --tw-rotate: 0; --tw-skew-x: 0; --tw-skew-y: 0; --tw-scale-x: 1; --tw-scale-y: 1; --tw-scroll-snap-strictness: proximity; --tw-ring-offset-width: 0px; --tw-ring-offset-color: #fff; --tw-ring-color: rgb(59 130 246 \/ .5); --tw-ring-offset-shadow: 0 0 #0000; --tw-ring-shadow: 0 0 #0000; --tw-shadow: 0 0 #0000; --tw-shadow-colored: 0 0 #0000; color: rgba(6, 8, 31, 0.88); font-family: D-DINExp, 'DM Sans', -apple-system, BlinkMacSystemFont, 'Segoe UI', Roboto, 'Helvetica Neue', Arial, 'Noto Sans', sans-serif, 'Apple Color Emoji', 'Segoe UI Emoji', 'Segoe UI Symbol', 'Noto Color Emoji'; font-size: 14px; font-weight: 400; white-space: pre-wrap;\" \/><span style=\"color: rgba(6, 8, 31, 0.88); font-family: D-DINExp, 'DM Sans', -apple-system, BlinkMacSystemFont, 'Segoe UI', Roboto, 'Helvetica Neue', Arial, 'Noto Sans', sans-serif, 'Apple Color Emoji', 'Segoe UI Emoji', 'Segoe UI Symbol', 'Noto Color Emoji'; font-size: 14px; font-weight: 400; white-space: pre-wrap;\">* Mouvement m\u00e9decine (danse libre intuitive)<\/span><br style=\"--tw-border-spacing-x: 0; --tw-border-spacing-y: 0; --tw-translate-x: 0; --tw-translate-y: 0; --tw-rotate: 0; --tw-skew-x: 0; --tw-skew-y: 0; --tw-scale-x: 1; --tw-scale-y: 1; --tw-scroll-snap-strictness: proximity; --tw-ring-offset-width: 0px; --tw-ring-offset-color: #fff; --tw-ring-color: rgb(59 130 246 \/ .5); --tw-ring-offset-shadow: 0 0 #0000; --tw-ring-shadow: 0 0 #0000; --tw-shadow: 0 0 #0000; --tw-shadow-colored: 0 0 #0000; color: rgba(6, 8, 31, 0.88); font-family: D-DINExp, 'DM Sans', -apple-system, BlinkMacSystemFont, 'Segoe UI', Roboto, 'Helvetica Neue', Arial, 'Noto Sans', sans-serif, 'Apple Color Emoji', 'Segoe UI Emoji', 'Segoe UI Symbol', 'Noto Color Emoji'; font-size: 14px; font-weight: 400; white-space: pre-wrap;\" \/><span style=\"color: rgba(6, 8, 31, 0.88); font-family: D-DINExp, 'DM Sans', -apple-system, BlinkMacSystemFont, 'Segoe UI', Roboto, 'Helvetica Neue', Arial, 'Noto Sans', sans-serif, 'Apple Color Emoji', 'Segoe UI Emoji', 'Segoe UI Symbol', 'Noto Color Emoji'; font-size: 14px; font-weight: 400; white-space: pre-wrap;\">* M\u00e9ditations, chants et mantras sacr\u00e9s<\/span><br style=\"--tw-border-spacing-x: 0; --tw-border-spacing-y: 0; --tw-translate-x: 0; --tw-translate-y: 0; --tw-rotate: 0; --tw-skew-x: 0; --tw-skew-y: 0; --tw-scale-x: 1; --tw-scale-y: 1; --tw-scroll-snap-strictness: proximity; --tw-ring-offset-width: 0px; --tw-ring-offset-color: #fff; --tw-ring-color: rgb(59 130 246 \/ .5); --tw-ring-offset-shadow: 0 0 #0000; --tw-ring-shadow: 0 0 #0000; --tw-shadow: 0 0 #0000; --tw-shadow-colored: 0 0 #0000; color: rgba(6, 8, 31, 0.88); font-family: D-DINExp, 'DM Sans', -apple-system, BlinkMacSystemFont, 'Segoe UI', Roboto, 'Helvetica Neue', Arial, 'Noto Sans', sans-serif, 'Apple Color Emoji', 'Segoe UI Emoji', 'Segoe UI Symbol', 'Noto Color Emoji'; font-size: 14px; font-weight: 400; white-space: pre-wrap;\" \/><span style=\"color: rgba(6, 8, 31, 0.88); font-family: D-DINExp, 'DM Sans', -apple-system, BlinkMacSystemFont, 'Segoe UI', Roboto, 'Helvetica Neue', Arial, 'Noto Sans', sans-serif, 'Apple Color Emoji', 'Segoe UI Emoji', 'Segoe UI Symbol', 'Noto Color Emoji'; font-size: 14px; font-weight: 400; white-space: pre-wrap;\">* Rituels et soins de reconnexion c\u0153ur\/\u00e2me<\/span><br style=\"--tw-border-spacing-x: 0; --tw-border-spacing-y: 0; --tw-translate-x: 0; --tw-translate-y: 0; --tw-rotate: 0; --tw-skew-x: 0; --tw-skew-y: 0; --tw-scale-x: 1; --tw-scale-y: 1; --tw-scroll-snap-strictness: proximity; --tw-ring-offset-width: 0px; --tw-ring-offset-color: #fff; --tw-ring-color: rgb(59 130 246 \/ .5); --tw-ring-offset-shadow: 0 0 #0000; --tw-ring-shadow: 0 0 #0000; --tw-shadow: 0 0 #0000; --tw-shadow-colored: 0 0 #0000; color: rgba(6, 8, 31, 0.88); font-family: D-DINExp, 'DM Sans', -apple-system, BlinkMacSystemFont, 'Segoe UI', Roboto, 'Helvetica Neue', Arial, 'Noto Sans', sans-serif, 'Apple Color Emoji', 'Segoe UI Emoji', 'Segoe UI Symbol', 'Noto Color Emoji'; font-size: 14px; font-weight: 400; white-space: pre-wrap;\" \/><span style=\"color: rgba(6, 8, 31, 0.88); font-family: D-DINExp, 'DM Sans', -apple-system, BlinkMacSystemFont, 'Segoe UI', Roboto, 'Helvetica Neue', Arial, 'Noto Sans', sans-serif, 'Apple Color Emoji', 'Segoe UI Emoji', 'Segoe UI Symbol', 'Noto Color Emoji'; font-size: 14px; font-weight: 400; white-space: pre-wrap;\">* Soins de lib\u00e9ration et gu\u00e9rison<\/span><br style=\"--tw-border-spacing-x: 0; --tw-border-spacing-y: 0; --tw-translate-x: 0; --tw-translate-y: 0; --tw-rotate: 0; --tw-skew-x: 0; --tw-skew-y: 0; --tw-scale-x: 1; --tw-scale-y: 1; --tw-scroll-snap-strictness: proximity; --tw-ring-offset-width: 0px; --tw-ring-offset-color: #fff; --tw-ring-color: rgb(59 130 246 \/ .5); --tw-ring-offset-shadow: 0 0 #0000; --tw-ring-shadow: 0 0 #0000; --tw-shadow: 0 0 #0000; --tw-shadow-colored: 0 0 #0000; color: rgba(6, 8, 31, 0.88); font-family: D-DINExp, 'DM Sans', -apple-system, BlinkMacSystemFont, 'Segoe UI', Roboto, 'Helvetica Neue', Arial, 'Noto Sans', sans-serif, 'Apple Color Emoji', 'Segoe UI Emoji', 'Segoe UI Symbol', 'Noto Color Emoji'; font-size: 14px; font-weight: 400; white-space: pre-wrap;\" \/><span style=\"color: rgba(6, 8, 31, 0.88); font-family: D-DINExp, 'DM Sans', -apple-system, BlinkMacSystemFont, 'Segoe UI', Roboto, 'Helvetica Neue', Arial, 'Noto Sans', sans-serif, 'Apple Color Emoji', 'Segoe UI Emoji', 'Segoe UI Symbol', 'Noto Color Emoji'; font-size: 14px; font-weight: 400; white-space: pre-wrap;\">des armures \u00e9motionnelles<\/span><br style=\"--tw-border-spacing-x: 0; --tw-border-spacing-y: 0; --tw-translate-x: 0; --tw-translate-y: 0; --tw-rotate: 0; --tw-skew-x: 0; --tw-skew-y: 0; --tw-scale-x: 1; --tw-scale-y: 1; --tw-scroll-snap-strictness: proximity; --tw-ring-offset-width: 0px; --tw-ring-offset-color: #fff; --tw-ring-color: rgb(59 130 246 \/ .5); --tw-ring-offset-shadow: 0 0 #0000; --tw-ring-shadow: 0 0 #0000; --tw-shadow: 0 0 #0000; --tw-shadow-colored: 0 0 #0000; color: rgba(6, 8, 31, 0.88); font-family: D-DINExp, 'DM Sans', -apple-system, BlinkMacSystemFont, 'Segoe UI', Roboto, 'Helvetica Neue', Arial, 'Noto Sans', sans-serif, 'Apple Color Emoji', 'Segoe UI Emoji', 'Segoe UI Symbol', 'Noto Color Emoji'; font-size: 14px; font-weight: 400; white-space: pre-wrap;\" \/><span style=\"color: rgba(6, 8, 31, 0.88); font-family: D-DINExp, 'DM Sans', -apple-system, BlinkMacSystemFont, 'Segoe UI', Roboto, 'Helvetica Neue', Arial, 'Noto Sans', sans-serif, 'Apple Color Emoji', 'Segoe UI Emoji', 'Segoe UI Symbol', 'Noto Color Emoji'; font-size: 14px; font-weight: 400; white-space: pre-wrap;\">* Cercles de compassion et guidance intuitive<\/span><br style=\"--tw-border-spacing-x: 0; --tw-border-spacing-y: 0; --tw-translate-x: 0; --tw-translate-y: 0; --tw-rotate: 0; --tw-skew-x: 0; --tw-skew-y: 0; --tw-scale-x: 1; --tw-scale-y: 1; --tw-scroll-snap-strictness: proximity; --tw-ring-offset-width: 0px; --tw-ring-offset-color: #fff; --tw-ring-color: rgb(59 130 246 \/ .5); --tw-ring-offset-shadow: 0 0 #0000; --tw-ring-shadow: 0 0 #0000; --tw-shadow: 0 0 #0000; --tw-shadow-colored: 0 0 #0000; color: rgba(6, 8, 31, 0.88); font-family: D-DINExp, 'DM Sans', -apple-system, BlinkMacSystemFont, 'Segoe UI', Roboto, 'Helvetica Neue', Arial, 'Noto Sans', sans-serif, 'Apple Color Emoji', 'Segoe UI Emoji', 'Segoe UI Symbol', 'Noto Color Emoji'; font-size: 14px; font-weight: 400; white-space: pre-wrap;\" \/><span style=\"color: rgba(6, 8, 31, 0.88); font-family: D-DINExp, 'DM Sans', -apple-system, BlinkMacSystemFont, 'Segoe UI', Roboto, 'Helvetica Neue', Arial, 'Noto Sans', sans-serif, 'Apple Color Emoji', 'Segoe UI Emoji', 'Segoe UI Symbol', 'Noto Color Emoji'; font-size: 14px; font-weight: 400; white-space: pre-wrap;\">* Bercement sensoriel aquatique sonore<\/span><br style=\"--tw-border-spacing-x: 0; --tw-border-spacing-y: 0; --tw-translate-x: 0; --tw-translate-y: 0; --tw-rotate: 0; --tw-skew-x: 0; --tw-skew-y: 0; --tw-scale-x: 1; --tw-scale-y: 1; --tw-scroll-snap-strictness: proximity; --tw-ring-offset-width: 0px; --tw-ring-offset-color: #fff; --tw-ring-color: rgb(59 130 246 \/ .5); --tw-ring-offset-shadow: 0 0 #0000; --tw-ring-shadow: 0 0 #0000; --tw-shadow: 0 0 #0000; --tw-shadow-colored: 0 0 #0000; color: rgba(6, 8, 31, 0.88); font-family: D-DINExp, 'DM Sans', -apple-system, BlinkMacSystemFont, 'Segoe UI', Roboto, 'Helvetica Neue', Arial, 'Noto Sans', sans-serif, 'Apple Color Emoji', 'Segoe UI Emoji', 'Segoe UI Symbol', 'Noto Color Emoji'; font-size: 14px; font-weight: 400; white-space: pre-wrap;\" \/><span style=\"color: rgba(6, 8, 31, 0.88); font-family: D-DINExp, 'DM Sans', -apple-system, BlinkMacSystemFont, 'Segoe UI', Roboto, 'Helvetica Neue', Arial, 'Noto Sans', sans-serif, 'Apple Color Emoji', 'Segoe UI Emoji', 'Segoe UI Symbol', 'Noto Color Emoji'; font-size: 14px; font-weight: 400; white-space: pre-wrap;\">* 1 consultation individuelle pendant le s\u00e9jour<\/span><br style=\"--tw-border-spacing-x: 0; --tw-border-spacing-y: 0; --tw-translate-x: 0; --tw-translate-y: 0; --tw-rotate: 0; --tw-skew-x: 0; --tw-skew-y: 0; --tw-scale-x: 1; --tw-scale-y: 1; --tw-scroll-snap-strictness: proximity; --tw-ring-offset-width: 0px; --tw-ring-offset-color: #fff; --tw-ring-color: rgb(59 130 246 \/ .5); --tw-ring-offset-shadow: 0 0 #0000; --tw-ring-shadow: 0 0 #0000; --tw-shadow: 0 0 #0000; --tw-shadow-colored: 0 0 #0000; color: rgba(6, 8, 31, 0.88); font-family: D-DINExp, 'DM Sans', -apple-system, BlinkMacSystemFont, 'Segoe UI', Roboto, 'Helvetica Neue', Arial, 'Noto Sans', sans-serif, 'Apple Color Emoji', 'Segoe UI Emoji', 'Segoe UI Symbol', 'Noto Color Emoji'; font-size: 14px; font-weight: 400; white-space: pre-wrap;\" \/><span style=\"color: rgba(6, 8, 31, 0.88); font-family: D-DINExp, 'DM Sans', -apple-system, BlinkMacSystemFont, 'Segoe UI', Roboto, 'Helvetica Neue', Arial, 'Noto Sans', sans-serif, 'Apple Color Emoji', 'Segoe UI Emoji', 'Segoe UI Symbol', 'Noto Color Emoji'; font-size: 14px; font-weight: 400; white-space: pre-wrap;\">* Temps libres, marches bord de mer,<\/span><br style=\"--tw-border-spacing-x: 0; --tw-border-spacing-y: 0; --tw-translate-x: 0; --tw-translate-y: 0; --tw-rotate: 0; --tw-skew-x: 0; --tw-skew-y: 0; --tw-scale-x: 1; --tw-scale-y: 1; --tw-scroll-snap-strictness: proximity; --tw-ring-offset-width: 0px; --tw-ring-offset-color: #fff; --tw-ring-color: rgb(59 130 246 \/ .5); --tw-ring-offset-shadow: 0 0 #0000; --tw-ring-shadow: 0 0 #0000; --tw-shadow: 0 0 #0000; --tw-shadow-colored: 0 0 #0000; color: rgba(6, 8, 31, 0.88); font-family: D-DINExp, 'DM Sans', -apple-system, BlinkMacSystemFont, 'Segoe UI', Roboto, 'Helvetica Neue', Arial, 'Noto Sans', sans-serif, 'Apple Color Emoji', 'Segoe UI Emoji', 'Segoe UI Symbol', 'Noto Color Emoji'; font-size: 14px; font-weight: 400; white-space: pre-wrap;\" \/><span style=\"color: rgba(6, 8, 31, 0.88); font-family: D-DINExp, 'DM Sans', -apple-system, BlinkMacSystemFont, 'Segoe UI', Roboto, 'Helvetica Neue', Arial, 'Noto Sans', sans-serif, 'Apple Color Emoji', 'Segoe UI Emoji', 'Segoe UI Symbol', 'Noto Color Emoji'; font-size: 14px; font-weight: 400; white-space: pre-wrap;\">moments de partage et de joie<\/span><br style=\"--tw-border-spacing-x: 0; --tw-border-spacing-y: 0; --tw-translate-x: 0; --tw-translate-y: 0; --tw-rotate: 0; --tw-skew-x: 0; --tw-skew-y: 0; --tw-scale-x: 1; --tw-scale-y: 1; --tw-scroll-snap-strictness: proximity; --tw-ring-offset-width: 0px; --tw-ring-offset-color: #fff; --tw-ring-color: rgb(59 130 246 \/ .5); --tw-ring-offset-shadow: 0 0 #0000; --tw-ring-shadow: 0 0 #0000; --tw-shadow: 0 0 #0000; --tw-shadow-colored: 0 0 #0000; color: rgba(6, 8, 31, 0.88); font-family: D-DINExp, 'DM Sans', -apple-system, BlinkMacSystemFont, 'Segoe UI', Roboto, 'Helvetica Neue', Arial, 'Noto Sans', sans-serif, 'Apple Color Emoji', 'Segoe UI Emoji', 'Segoe UI Symbol', 'Noto Color Emoji'; font-size: 14px; font-weight: 400; white-space: pre-wrap;\" \/><br style=\"--tw-border-spacing-x: 0; --tw-border-spacing-y: 0; --tw-translate-x: 0; --tw-translate-y: 0; --tw-rotate: 0; --tw-skew-x: 0; --tw-skew-y: 0; --tw-scale-x: 1; --tw-scale-y: 1; --tw-scroll-snap-strictness: proximity; --tw-ring-offset-width: 0px; --tw-ring-offset-color: #fff; --tw-ring-color: rgb(59 130 246 \/ .5); --tw-ring-offset-shadow: 0 0 #0000; --tw-ring-shadow: 0 0 #0000; --tw-shadow: 0 0 #0000; --tw-shadow-colored: 0 0 #0000; color: rgba(6, 8, 31, 0.88); font-family: D-DINExp, 'DM Sans', -apple-system, BlinkMacSystemFont, 'Segoe UI', Roboto, 'Helvetica Neue', Arial, 'Noto Sans', sans-serif, 'Apple Color Emoji', 'Segoe UI Emoji', 'Segoe UI Symbol', 'Noto Color Emoji'; font-size: 14px; font-weight: 400; white-space: pre-wrap;\" \/><span style=\"color: rgba(6, 8, 31, 0.88); font-family: D-DINExp, 'DM Sans', -apple-system, BlinkMacSystemFont, 'Segoe UI', Roboto, 'Helvetica Neue', Arial, 'Noto Sans', sans-serif, 'Apple Color Emoji', 'Segoe UI Emoji', 'Segoe UI Symbol', 'Noto Color Emoji'; font-size: 14px; font-weight: 400; white-space: pre-wrap;\">Une invitation <\/span><span style=\"color: rgba(6, 8, 31, 0.88); font-family: D-DINExp, 'DM Sans', -apple-system, BlinkMacSystemFont, 'Segoe UI', Roboto, 'Helvetica Neue', Arial, 'Noto Sans', sans-serif, 'Apple Color Emoji', 'Segoe UI Emoji', 'Segoe UI Symbol', 'Noto Color Emoji'; font-size: 14px; font-weight: 400; white-space: pre-wrap;\">\u00e0 d\u00e9poser le mental, <\/span><span style=\"color: rgba(6, 8, 31, 0.88); font-family: D-DINExp, 'DM Sans', -apple-system, BlinkMacSystemFont, 'Segoe UI', Roboto, 'Helvetica Neue', Arial, 'Noto Sans', sans-serif, 'Apple Color Emoji', 'Segoe UI Emoji', 'Segoe UI Symbol', 'Noto Color Emoji'; font-size: 14px; font-weight: 400; white-space: pre-wrap;\">\u00e0 ouvrir votre c\u0153ur <\/span><span style=\"color: rgba(6, 8, 31, 0.88); font-family: D-DINExp, 'DM Sans', -apple-system, BlinkMacSystemFont, 'Segoe UI', Roboto, 'Helvetica Neue', Arial, 'Noto Sans', sans-serif, 'Apple Color Emoji', 'Segoe UI Emoji', 'Segoe UI Symbol', 'Noto Color Emoji'; font-size: 14px; font-weight: 400; white-space: pre-wrap;\">et \u00e0 accueillir plus de <\/span><span style=\"color: rgba(6, 8, 31, 0.88); font-family: D-DINExp, 'DM Sans', -apple-system, BlinkMacSystemFont, 'Segoe UI', Roboto, 'Helvetica Neue', Arial, 'Noto Sans', sans-serif, 'Apple Color Emoji', 'Segoe UI Emoji', 'Segoe UI Symbol', 'Noto Color Emoji'; font-size: 14px; font-weight: 400; white-space: pre-wrap;\">vie, de joie et d&rsquo;amour.<\/span><\/p><p><span style=\"color: rgba(6, 8, 31, 0.88); font-family: D-DINExp, 'DM Sans', -apple-system, BlinkMacSystemFont, 'Segoe UI', Roboto, 'Helvetica Neue', Arial, 'Noto Sans', sans-serif, 'Apple Color Emoji', 'Segoe UI Emoji', 'Segoe UI Symbol', 'Noto Color Emoji'; font-size: 14px; white-space: pre-wrap;\">UN CADRE D&rsquo;EXCEPTION<\/span><br style=\"--tw-border-spacing-x: 0; --tw-border-spacing-y: 0; --tw-translate-x: 0; --tw-translate-y: 0; --tw-rotate: 0; --tw-skew-x: 0; --tw-skew-y: 0; --tw-scale-x: 1; --tw-scale-y: 1; --tw-scroll-snap-strictness: proximity; --tw-ring-offset-width: 0px; --tw-ring-offset-color: #fff; --tw-ring-color: rgb(59 130 246 \/ .5); --tw-ring-offset-shadow: 0 0 #0000; --tw-ring-shadow: 0 0 #0000; --tw-shadow: 0 0 #0000; --tw-shadow-colored: 0 0 #0000; color: rgba(6, 8, 31, 0.88); font-family: D-DINExp, 'DM Sans', -apple-system, BlinkMacSystemFont, 'Segoe UI', Roboto, 'Helvetica Neue', Arial, 'Noto Sans', sans-serif, 'Apple Color Emoji', 'Segoe UI Emoji', 'Segoe UI Symbol', 'Noto Color Emoji'; font-size: 14px; white-space: pre-wrap;\" \/><span style=\"color: rgba(6, 8, 31, 0.88); font-family: D-DINExp, 'DM Sans', -apple-system, BlinkMacSystemFont, 'Segoe UI', Roboto, 'Helvetica Neue', Arial, 'Noto Sans', sans-serif, 'Apple Color Emoji', 'Segoe UI Emoji', 'Segoe UI Symbol', 'Noto Color Emoji'; font-size: 14px; white-space: pre-wrap;\">Villa avec piscine \u00e0 Essaouira, <\/span><span style=\"color: rgba(6, 8, 31, 0.88); font-family: D-DINExp, 'DM Sans', -apple-system, BlinkMacSystemFont, 'Segoe UI', Roboto, 'Helvetica Neue', Arial, 'Noto Sans', sans-serif, 'Apple Color Emoji', 'Segoe UI Emoji', 'Segoe UI Symbol', 'Noto Color Emoji'; font-size: 14px; white-space: pre-wrap;\">chambres partag\u00e9es, pension <\/span><span style=\"color: rgba(6, 8, 31, 0.88); font-family: D-DINExp, 'DM Sans', -apple-system, BlinkMacSystemFont, 'Segoe UI', Roboto, 'Helvetica Neue', Arial, 'Noto Sans', sans-serif, 'Apple Color Emoji', 'Segoe UI Emoji', 'Segoe UI Symbol', 'Noto Color Emoji'; font-size: 14px; white-space: pre-wrap;\">compl\u00e8te, cuisine joyeuse <\/span><span style=\"color: rgba(6, 8, 31, 0.88); font-family: D-DINExp, 'DM Sans', -apple-system, BlinkMacSystemFont, 'Segoe UI', Roboto, 'Helvetica Neue', Arial, 'Noto Sans', sans-serif, 'Apple Color Emoji', 'Segoe UI Emoji', 'Segoe UI Symbol', 'Noto Color Emoji'; font-size: 14px; white-space: pre-wrap;\">et cr\u00e9ative, acc\u00e8s illimit\u00e9 <\/span><span style=\"color: rgba(6, 8, 31, 0.88); font-family: D-DINExp, 'DM Sans', -apple-system, BlinkMacSystemFont, 'Segoe UI', Roboto, 'Helvetica Neue', Arial, 'Noto Sans', sans-serif, 'Apple Color Emoji', 'Segoe UI Emoji', 'Segoe UI Symbol', 'Noto Color Emoji'; font-size: 14px; white-space: pre-wrap;\">\u00e0 la piscine, march\u00e9s, temps <\/span><span style=\"color: rgba(6, 8, 31, 0.88); font-family: D-DINExp, 'DM Sans', -apple-system, BlinkMacSystemFont, 'Segoe UI', Roboto, 'Helvetica Neue', Arial, 'Noto Sans', sans-serif, 'Apple Color Emoji', 'Segoe UI Emoji', 'Segoe UI Symbol', 'Noto Color Emoji'; font-size: 14px; white-space: pre-wrap;\">calmes et int\u00e9gration.<\/span><br style=\"--tw-border-spacing-x: 0; --tw-border-spacing-y: 0; --tw-translate-x: 0; --tw-translate-y: 0; --tw-rotate: 0; --tw-skew-x: 0; --tw-skew-y: 0; --tw-scale-x: 1; --tw-scale-y: 1; --tw-scroll-snap-strictness: proximity; --tw-ring-offset-width: 0px; --tw-ring-offset-color: #fff; --tw-ring-color: rgb(59 130 246 \/ .5); --tw-ring-offset-shadow: 0 0 #0000; --tw-ring-shadow: 0 0 #0000; --tw-shadow: 0 0 #0000; --tw-shadow-colored: 0 0 #0000; color: rgba(6, 8, 31, 0.88); font-family: D-DINExp, 'DM Sans', -apple-system, BlinkMacSystemFont, 'Segoe UI', Roboto, 'Helvetica Neue', Arial, 'Noto Sans', sans-serif, 'Apple Color Emoji', 'Segoe UI Emoji', 'Segoe UI Symbol', 'Noto Color Emoji'; font-size: 14px; white-space: pre-wrap;\" \/><br style=\"--tw-border-spacing-x: 0; --tw-border-spacing-y: 0; --tw-translate-x: 0; --tw-translate-y: 0; --tw-rotate: 0; --tw-skew-x: 0; --tw-skew-y: 0; --tw-scale-x: 1; --tw-scale-y: 1; --tw-scroll-snap-strictness: proximity; --tw-ring-offset-width: 0px; --tw-ring-offset-color: #fff; --tw-ring-color: rgb(59 130 246 \/ .5); --tw-ring-offset-shadow: 0 0 #0000; --tw-ring-shadow: 0 0 #0000; --tw-shadow: 0 0 #0000; --tw-shadow-colored: 0 0 #0000; color: rgba(6, 8, 31, 0.88); font-family: D-DINExp, 'DM Sans', -apple-system, BlinkMacSystemFont, 'Segoe UI', Roboto, 'Helvetica Neue', Arial, 'Noto Sans', sans-serif, 'Apple Color Emoji', 'Segoe UI Emoji', 'Segoe UI Symbol', 'Noto Color Emoji'; font-size: 14px; white-space: pre-wrap;\" \/><span style=\"color: rgba(6, 8, 31, 0.88); font-family: D-DINExp, 'DM Sans', -apple-system, BlinkMacSystemFont, 'Segoe UI', Roboto, 'Helvetica Neue', Arial, 'Noto Sans', sans-serif, 'Apple Color Emoji', 'Segoe UI Emoji', 'Segoe UI Symbol', 'Noto Color Emoji'; font-size: 14px; white-space: pre-wrap;\">ACCOMPAGN\u00c9E PAR<\/span><br style=\"--tw-border-spacing-x: 0; --tw-border-spacing-y: 0; --tw-translate-x: 0; --tw-translate-y: 0; --tw-rotate: 0; --tw-skew-x: 0; --tw-skew-y: 0; --tw-scale-x: 1; --tw-scale-y: 1; --tw-scroll-snap-strictness: proximity; --tw-ring-offset-width: 0px; --tw-ring-offset-color: #fff; --tw-ring-color: rgb(59 130 246 \/ .5); --tw-ring-offset-shadow: 0 0 #0000; --tw-ring-shadow: 0 0 #0000; --tw-shadow: 0 0 #0000; --tw-shadow-colored: 0 0 #0000; color: rgba(6, 8, 31, 0.88); font-family: D-DINExp, 'DM Sans', -apple-system, BlinkMacSystemFont, 'Segoe UI', Roboto, 'Helvetica Neue', Arial, 'Noto Sans', sans-serif, 'Apple Color Emoji', 'Segoe UI Emoji', 'Segoe UI Symbol', 'Noto Color Emoji'; font-size: 14px; white-space: pre-wrap;\" \/><span style=\"color: rgba(6, 8, 31, 0.88); font-family: D-DINExp, 'DM Sans', -apple-system, BlinkMacSystemFont, 'Segoe UI', Roboto, 'Helvetica Neue', Arial, 'Noto Sans', sans-serif, 'Apple Color Emoji', 'Segoe UI Emoji', 'Segoe UI Symbol', 'Noto Color Emoji'; font-size: 14px; white-space: pre-wrap;\">Corinne Collin-Bellet <\/span><span style=\"color: rgba(6, 8, 31, 0.88); font-family: D-DINExp, 'DM Sans', -apple-system, BlinkMacSystemFont, 'Segoe UI', Roboto, 'Helvetica Neue', Arial, 'Noto Sans', sans-serif, 'Apple Color Emoji', 'Segoe UI Emoji', 'Segoe UI Symbol', 'Noto Color Emoji'; font-size: 14px; white-space: pre-wrap;\">Psychog\u00e9n\u00e9alogiste, <\/span><span style=\"color: rgba(6, 8, 31, 0.88); font-family: D-DINExp, 'DM Sans', -apple-system, BlinkMacSystemFont, 'Segoe UI', Roboto, 'Helvetica Neue', Arial, 'Noto Sans', sans-serif, 'Apple Color Emoji', 'Segoe UI Emoji', 'Segoe UI Symbol', 'Noto Color Emoji'; font-size: 14px; white-space: pre-wrap;\">psychanalyste et constellatrice.<\/span><br style=\"--tw-border-spacing-x: 0; --tw-border-spacing-y: 0; --tw-translate-x: 0; --tw-translate-y: 0; --tw-rotate: 0; --tw-skew-x: 0; --tw-skew-y: 0; --tw-scale-x: 1; --tw-scale-y: 1; --tw-scroll-snap-strictness: proximity; --tw-ring-offset-width: 0px; --tw-ring-offset-color: #fff; --tw-ring-color: rgb(59 130 246 \/ .5); --tw-ring-offset-shadow: 0 0 #0000; --tw-ring-shadow: 0 0 #0000; --tw-shadow: 0 0 #0000; --tw-shadow-colored: 0 0 #0000; color: rgba(6, 8, 31, 0.88); font-family: D-DINExp, 'DM Sans', -apple-system, BlinkMacSystemFont, 'Segoe UI', Roboto, 'Helvetica Neue', Arial, 'Noto Sans', sans-serif, 'Apple Color Emoji', 'Segoe UI Emoji', 'Segoe UI Symbol', 'Noto Color Emoji'; font-size: 14px; white-space: pre-wrap;\" \/><span style=\"color: rgba(6, 8, 31, 0.88); font-family: D-DINExp, 'DM Sans', -apple-system, BlinkMacSystemFont, 'Segoe UI', Roboto, 'Helvetica Neue', Arial, 'Noto Sans', sans-serif, 'Apple Color Emoji', 'Segoe UI Emoji', 'Segoe UI Symbol', 'Noto Color Emoji'; font-size: 14px; white-space: pre-wrap;\">Depuis 18 ans, elle accompagne <\/span><span style=\"color: rgba(6, 8, 31, 0.88); font-family: D-DINExp, 'DM Sans', -apple-system, BlinkMacSystemFont, 'Segoe UI', Roboto, 'Helvetica Neue', Arial, 'Noto Sans', sans-serif, 'Apple Color Emoji', 'Segoe UI Emoji', 'Segoe UI Symbol', 'Noto Color Emoji'; font-size: 14px; white-space: pre-wrap;\">des milliers de personnes <\/span><span style=\"color: rgba(6, 8, 31, 0.88); font-family: D-DINExp, 'DM Sans', -apple-system, BlinkMacSystemFont, 'Segoe UI', Roboto, 'Helvetica Neue', Arial, 'Noto Sans', sans-serif, 'Apple Color Emoji', 'Segoe UI Emoji', 'Segoe UI Symbol', 'Noto Color Emoji'; font-size: 14px; white-space: pre-wrap;\">sur le chemin du c\u0153ur.<\/span><br style=\"--tw-border-spacing-x: 0; --tw-border-spacing-y: 0; --tw-translate-x: 0; --tw-translate-y: 0; --tw-rotate: 0; --tw-skew-x: 0; --tw-skew-y: 0; --tw-scale-x: 1; --tw-scale-y: 1; --tw-scroll-snap-strictness: proximity; --tw-ring-offset-width: 0px; --tw-ring-offset-color: #fff; --tw-ring-color: rgb(59 130 246 \/ .5); --tw-ring-offset-shadow: 0 0 #0000; --tw-ring-shadow: 0 0 #0000; --tw-shadow: 0 0 #0000; --tw-shadow-colored: 0 0 #0000; color: rgba(6, 8, 31, 0.88); font-family: D-DINExp, 'DM Sans', -apple-system, BlinkMacSystemFont, 'Segoe UI', Roboto, 'Helvetica Neue', Arial, 'Noto Sans', sans-serif, 'Apple Color Emoji', 'Segoe UI Emoji', 'Segoe UI Symbol', 'Noto Color Emoji'; font-size: 14px; white-space: pre-wrap;\" \/><br style=\"--tw-border-spacing-x: 0; --tw-border-spacing-y: 0; --tw-translate-x: 0; --tw-translate-y: 0; --tw-rotate: 0; --tw-skew-x: 0; --tw-skew-y: 0; --tw-scale-x: 1; --tw-scale-y: 1; --tw-scroll-snap-strictness: proximity; --tw-ring-offset-width: 0px; --tw-ring-offset-color: #fff; --tw-ring-color: rgb(59 130 246 \/ .5); --tw-ring-offset-shadow: 0 0 #0000; --tw-ring-shadow: 0 0 #0000; --tw-shadow: 0 0 #0000; --tw-shadow-colored: 0 0 #0000; color: rgba(6, 8, 31, 0.88); font-family: D-DINExp, 'DM Sans', -apple-system, BlinkMacSystemFont, 'Segoe UI', Roboto, 'Helvetica Neue', Arial, 'Noto Sans', sans-serif, 'Apple Color Emoji', 'Segoe UI Emoji', 'Segoe UI Symbol', 'Noto Color Emoji'; font-size: 14px; white-space: pre-wrap;\" \/><span style=\"color: rgba(6, 8, 31, 0.88); font-family: D-DINExp, 'DM Sans', -apple-system, BlinkMacSystemFont, 'Segoe UI', Roboto, 'Helvetica Neue', Arial, 'Noto Sans', sans-serif, 'Apple Color Emoji', 'Segoe UI Emoji', 'Segoe UI Symbol', 'Noto Color Emoji'; font-size: 14px; white-space: pre-wrap;\">LES POINTS FORTS<\/span><br style=\"--tw-border-spacing-x: 0; --tw-border-spacing-y: 0; --tw-translate-x: 0; --tw-translate-y: 0; --tw-rotate: 0; --tw-skew-x: 0; --tw-skew-y: 0; --tw-scale-x: 1; --tw-scale-y: 1; --tw-scroll-snap-strictness: proximity; --tw-ring-offset-width: 0px; --tw-ring-offset-color: #fff; --tw-ring-color: rgb(59 130 246 \/ .5); --tw-ring-offset-shadow: 0 0 #0000; --tw-ring-shadow: 0 0 #0000; --tw-shadow: 0 0 #0000; --tw-shadow-colored: 0 0 #0000; color: rgba(6, 8, 31, 0.88); font-family: D-DINExp, 'DM Sans', -apple-system, BlinkMacSystemFont, 'Segoe UI', Roboto, 'Helvetica Neue', Arial, 'Noto Sans', sans-serif, 'Apple Color Emoji', 'Segoe UI Emoji', 'Segoe UI Symbol', 'Noto Color Emoji'; font-size: 14px; white-space: pre-wrap;\" \/><span style=\"color: rgba(6, 8, 31, 0.88); font-family: D-DINExp, 'DM Sans', -apple-system, BlinkMacSystemFont, 'Segoe UI', Roboto, 'Helvetica Neue', Arial, 'Noto Sans', sans-serif, 'Apple Color Emoji', 'Segoe UI Emoji', 'Segoe UI Symbol', 'Noto Color Emoji'; font-size: 14px; white-space: pre-wrap;\">* H\u00e9bergement en pension compl\u00e8te<\/span><br style=\"--tw-border-spacing-x: 0; --tw-border-spacing-y: 0; --tw-translate-x: 0; --tw-translate-y: 0; --tw-rotate: 0; --tw-skew-x: 0; --tw-skew-y: 0; --tw-scale-x: 1; --tw-scale-y: 1; --tw-scroll-snap-strictness: proximity; --tw-ring-offset-width: 0px; --tw-ring-offset-color: #fff; --tw-ring-color: rgb(59 130 246 \/ .5); --tw-ring-offset-shadow: 0 0 #0000; --tw-ring-shadow: 0 0 #0000; --tw-shadow: 0 0 #0000; --tw-shadow-colored: 0 0 #0000; color: rgba(6, 8, 31, 0.88); font-family: D-DINExp, 'DM Sans', -apple-system, BlinkMacSystemFont, 'Segoe UI', Roboto, 'Helvetica Neue', Arial, 'Noto Sans', sans-serif, 'Apple Color Emoji', 'Segoe UI Emoji', 'Segoe UI Symbol', 'Noto Color Emoji'; font-size: 14px; white-space: pre-wrap;\" \/><span style=\"color: rgba(6, 8, 31, 0.88); font-family: D-DINExp, 'DM Sans', -apple-system, BlinkMacSystemFont, 'Segoe UI', Roboto, 'Helvetica Neue', Arial, 'Noto Sans', sans-serif, 'Apple Color Emoji', 'Segoe UI Emoji', 'Segoe UI Symbol', 'Noto Color Emoji'; font-size: 14px; white-space: pre-wrap;\">* Ateliers et accompagnement<\/span><br style=\"--tw-border-spacing-x: 0; --tw-border-spacing-y: 0; --tw-translate-x: 0; --tw-translate-y: 0; --tw-rotate: 0; --tw-skew-x: 0; --tw-skew-y: 0; --tw-scale-x: 1; --tw-scale-y: 1; --tw-scroll-snap-strictness: proximity; --tw-ring-offset-width: 0px; --tw-ring-offset-color: #fff; --tw-ring-color: rgb(59 130 246 \/ .5); --tw-ring-offset-shadow: 0 0 #0000; --tw-ring-shadow: 0 0 #0000; --tw-shadow: 0 0 #0000; --tw-shadow-colored: 0 0 #0000; color: rgba(6, 8, 31, 0.88); font-family: D-DINExp, 'DM Sans', -apple-system, BlinkMacSystemFont, 'Segoe UI', Roboto, 'Helvetica Neue', Arial, 'Noto Sans', sans-serif, 'Apple Color Emoji', 'Segoe UI Emoji', 'Segoe UI Symbol', 'Noto Color Emoji'; font-size: 14px; white-space: pre-wrap;\" \/><span style=\"color: rgba(6, 8, 31, 0.88); font-family: D-DINExp, 'DM Sans', -apple-system, BlinkMacSystemFont, 'Segoe UI', Roboto, 'Helvetica Neue', Arial, 'Noto Sans', sans-serif, 'Apple Color Emoji', 'Segoe UI Emoji', 'Segoe UI Symbol', 'Noto Color Emoji'; font-size: 14px; white-space: pre-wrap;\">tout au long du s\u00e9jour<\/span><br style=\"--tw-border-spacing-x: 0; --tw-border-spacing-y: 0; --tw-translate-x: 0; --tw-translate-y: 0; --tw-rotate: 0; --tw-skew-x: 0; --tw-skew-y: 0; --tw-scale-x: 1; --tw-scale-y: 1; --tw-scroll-snap-strictness: proximity; --tw-ring-offset-width: 0px; --tw-ring-offset-color: #fff; --tw-ring-color: rgb(59 130 246 \/ .5); --tw-ring-offset-shadow: 0 0 #0000; --tw-ring-shadow: 0 0 #0000; --tw-shadow: 0 0 #0000; --tw-shadow-colored: 0 0 #0000; color: rgba(6, 8, 31, 0.88); font-family: D-DINExp, 'DM Sans', -apple-system, BlinkMacSystemFont, 'Segoe UI', Roboto, 'Helvetica Neue', Arial, 'Noto Sans', sans-serif, 'Apple Color Emoji', 'Segoe UI Emoji', 'Segoe UI Symbol', 'Noto Color Emoji'; font-size: 14px; white-space: pre-wrap;\" \/><span style=\"color: rgba(6, 8, 31, 0.88); font-family: D-DINExp, 'DM Sans', -apple-system, BlinkMacSystemFont, 'Segoe UI', Roboto, 'Helvetica Neue', Arial, 'Noto Sans', sans-serif, 'Apple Color Emoji', 'Segoe UI Emoji', 'Segoe UI Symbol', 'Noto Color Emoji'; font-size: 14px; white-space: pre-wrap;\">* Acc\u00e8s \u00e0 la piscine<\/span><br style=\"--tw-border-spacing-x: 0; --tw-border-spacing-y: 0; --tw-translate-x: 0; --tw-translate-y: 0; --tw-rotate: 0; --tw-skew-x: 0; --tw-skew-y: 0; --tw-scale-x: 1; --tw-scale-y: 1; --tw-scroll-snap-strictness: proximity; --tw-ring-offset-width: 0px; --tw-ring-offset-color: #fff; --tw-ring-color: rgb(59 130 246 \/ .5); --tw-ring-offset-shadow: 0 0 #0000; --tw-ring-shadow: 0 0 #0000; --tw-shadow: 0 0 #0000; --tw-shadow-colored: 0 0 #0000; color: rgba(6, 8, 31, 0.88); font-family: D-DINExp, 'DM Sans', -apple-system, BlinkMacSystemFont, 'Segoe UI', Roboto, 'Helvetica Neue', Arial, 'Noto Sans', sans-serif, 'Apple Color Emoji', 'Segoe UI Emoji', 'Segoe UI Symbol', 'Noto Color Emoji'; font-size: 14px; white-space: pre-wrap;\" \/><span style=\"color: rgba(6, 8, 31, 0.88); font-family: D-DINExp, 'DM Sans', -apple-system, BlinkMacSystemFont, 'Segoe UI', Roboto, 'Helvetica Neue', Arial, 'Noto Sans', sans-serif, 'Apple Color Emoji', 'Segoe UI Emoji', 'Segoe UI Symbol', 'Noto Color Emoji'; font-size: 14px; white-space: pre-wrap;\">* Ambiance bienveillante <\/span><span style=\"color: rgba(6, 8, 31, 0.88); font-family: D-DINExp, 'DM Sans', -apple-system, BlinkMacSystemFont, 'Segoe UI', Roboto, 'Helvetica Neue', Arial, 'Noto Sans', sans-serif, 'Apple Color Emoji', 'Segoe UI Emoji', 'Segoe UI Symbol', 'Noto Color Emoji'; font-size: 14px; white-space: pre-wrap; font-weight: 400;\">et s\u00e9curisante<\/span>\u00a0<\/p><p>P<span style=\"font-weight: normal;\">lus d&rsquo;informations et Dossier complet :\u00a0<\/span><\/p><p>Corinne Collin Bellet &#8211; <a href=\"mailto:ccb37000@gmail.com\">ccb37000@gmail.com<\/a><\/p>\t\t\t\t\t\t<\/div>\n\t\t\t\t<\/div>\n\t\t\t\t\t<\/div>\r\n\t\t\t\t<\/div>\r\n\t\t\t\t<div class=\"elementor-column elementor-col-50 elementor-top-column elementor-element elementor-element-6791276\" data-id=\"6791276\" data-element_type=\"column\">\r\n\t\t\t\t\t<div class=\"elementor-widget-wrap elementor-element-populated\">\r\n\t\t\t\t\t\t\t\t<div class=\"elementor-element elementor-element-d256e33 elementor-widget elementor-widget-porto_ultimate_heading\" data-id=\"d256e33\" data-element_type=\"widget\" data-widget_type=\"porto_ultimate_heading.default\">\n\t\t\t\t<div class=\"elementor-widget-container\">\n\t\t\t<div class=\"porto-u-heading  porto-u-7155 \"><div class=\"porto-u-sub-heading\" style=\"\"><h4 id=\"cc-m-header-8320362381\"><em>!! Retraite au Maroc sept 2026 COMPLET<\/em>\u00a0<\/h4><\/div><style>.porto-u-7155.porto-u-heading{text-align:center}<\/style><\/div>\t\t<\/div>\n\t\t\t\t<\/div>\n\t\t\t\t<div class=\"elementor-element elementor-element-6228086 elementor-widget elementor-widget-image\" data-id=\"6228086\" data-element_type=\"widget\" data-widget_type=\"image.default\">\n\t\t\t\t<div class=\"elementor-widget-container\">\n\t\t\t\t\t\t\t\t\t\t\t\t\t<img decoding=\"async\" width=\"682\" height=\"1024\" src=\"https:\/\/mesvoyagesinterieurs.com\/wp-content\/uploads\/2026\/08\/1784628640-682x1024.png\" class=\"attachment-large size-large wp-image-7264\" alt=\"\" srcset=\"https:\/\/mesvoyagesinterieurs.com\/wp-content\/uploads\/2026\/08\/1784628640-682x1024.png 682w, https:\/\/mesvoyagesinterieurs.com\/wp-content\/uploads\/2026\/08\/1784628640-320x481.png 320w, https:\/\/mesvoyagesinterieurs.com\/wp-content\/uploads\/2026\/08\/1784628640-480x721.png 480w, https:\/\/mesvoyagesinterieurs.com\/wp-content\/uploads\/2026\/08\/1784628640-640x962.png 640w, https:\/\/mesvoyagesinterieurs.com\/wp-content\/uploads\/2026\/08\/1784628640-400x601.png 400w, https:\/\/mesvoyagesinterieurs.com\/wp-content\/uploads\/2026\/08\/1784628640-367x551.png 367w, https:\/\/mesvoyagesinterieurs.com\/wp-content\/uploads\/2026\/08\/1784628640-600x901.png 600w\" sizes=\"(max-width: 682px) 100vw, 682px\" \/>\t\t\t\t\t\t\t\t\t\t\t\t\t<\/div>\n\t\t\t\t<\/div>\n\t\t\t\t\t<\/div>\r\n\t\t\t\t<\/div>\r\n\t\t\t\t\t<\/div>\r\n\t\t\t\t<\/section>\r\n\t\t\t\t<section class=\"elementor-section elementor-top-section elementor-element elementor-element-32dac04 elementor-section-content-middle p-t-xl p-b-lg elementor-section-boxed elementor-section-height-default elementor-section-height-default\" data-id=\"32dac04\" data-element_type=\"section\">\r\n\t\t\r\n\t\t\t\t\t\t\t<div class=\"elementor-container elementor-column-gap-default\">\r\n\t\t\t\t\t\t\t\t\t\t\t<div class=\"elementor-column elementor-col-50 elementor-top-column elementor-element elementor-element-fe8aac0\" data-id=\"fe8aac0\" data-element_type=\"column\">\r\n\t\t\t\t\t<div class=\"elementor-widget-wrap elementor-element-populated\">\r\n\t\t\t\t\t\t\t\t<div class=\"elementor-element elementor-element-a48181b elementor-widget elementor-widget-text-editor\" data-id=\"a48181b\" data-element_type=\"widget\" data-widget_type=\"text-editor.default\">\n\t\t\t\t<div class=\"elementor-widget-container\">\n\t\t\t\t\t\t\t<h1>La voie des Sages<\/h1>\t\t\t\t\t\t<\/div>\n\t\t\t\t<\/div>\n\t\t\t\t<div class=\"elementor-element elementor-element-6f65bd6 elementor-widget elementor-widget-text-editor\" data-id=\"6f65bd6\" data-element_type=\"widget\" data-widget_type=\"text-editor.default\">\n\t\t\t\t<div class=\"elementor-widget-container\">\n\t\t\t\t\t\t\t<h4>Formations de l&rsquo;\u00eatre \u00e9nerg\u00e9tique et spirituel <br \/>\u00a07 modules pour s&rsquo;aligner avec ses multidimensions<\/h4>\t\t\t\t\t\t<\/div>\n\t\t\t\t<\/div>\n\t\t\t\t<div class=\"elementor-element elementor-element-715518b elementor-widget elementor-widget-text-editor\" data-id=\"715518b\" data-element_type=\"widget\" data-widget_type=\"text-editor.default\">\n\t\t\t\t<div class=\"elementor-widget-container\">\n\t\t\t\t\t\t\t<p>\u00ab\u00a0Ce que la Lumi\u00e8re est aux yeux, ce que l&rsquo;air est au poumon, ce que l&rsquo;amour est au coeur, la libert\u00e9 l&rsquo;est \u00e0 l&rsquo;\u00e2me humaine. Robert Green\u00a0\u00bb<\/p><p><span style=\"font-weight: normal;\">Chacun d&rsquo;entre nous peut s&rsquo;\u00e9veiller et d\u00e9ployer ses perceptions intuitives afin d&rsquo;incarner la plus authentique expression de son essence.<\/span><\/p><p><span style=\"font-weight: normal;\">La voie g\u00e9n\u00e9ratrice de cet enseignement permet l&rsquo;acquisition des savoirs, son int\u00e9gration pratique et l&rsquo;activation des potentialit\u00e9s.<\/span><\/p><p><span style=\"font-weight: normal;\">L&rsquo;objectif est d&rsquo;\u0152uvrer sa vie, de cr\u00e9er \u00e0 l&rsquo;image de sa mission d&rsquo;\u00e2me, de se r\u00e9aliser selon sa nature, de contribuer \u00e0 incarner une spiritualit\u00e9 harmonieuse et \u00e9panouissante dans tous les domaines de son existence dans un alignement coeur\/corps\/esprit.<\/span><\/p><p><span style=\"font-weight: normal;\">Ce parcours est fait pour vous si :<\/span><\/p><p><span style=\"font-weight: normal;\">Vous ressentez un appel de votre \u00e2me \u00e0 se r\u00e9aliser, \u00e0 se d\u00e9ployer ?<br \/>Le besoin souverain de manifester votre nature, votre g\u00e9nie int\u00e9rieur, d&rsquo;activer l&rsquo;Or de votre boussole ?<\/span><\/p><p><span style=\"font-weight: normal;\">L&rsquo;\u00e9lan d&rsquo;une r\u00e9g\u00e9n\u00e9ration int\u00e9rieure qui permet d&rsquo;acc\u00e9der \u00e0 un niveau sup\u00e9rieur de pl\u00e9nitude?<\/span><\/p><p><span style=\"font-weight: normal;\">Le d\u00e9sir de suivre la voie de votre \u00e2me plut\u00f4t que celle de votre \u00e9go fa\u00e7onn\u00e9 et r\u00e9sistant au bonheur ?<\/span><\/p><p><span style=\"font-weight: normal;\">La n\u00e9cessit\u00e9 de vous lib\u00e9rer des anciens sch\u00e9mas, sc\u00e9narios, blessures qui obstruent votre bonheur ?<br \/>L&rsquo;\u00e9lan de coeur et d&rsquo;\u00e2me de nourrir votre vie en repla\u00e7ant votre \u00e2me aux commandes?<\/span><\/p><p><span style=\"font-weight: normal;\">Ce que vous apprendrez gr\u00e2ce \u00e0 ces ateliers :<\/span><\/p><p>Module 1 : <span style=\"font-weight: normal;\">Initiation \u00e0 la Radiesth\u00e9sie: Conventions pr\u00e9alables \u00e0 l&rsquo;utilisation du pendule, protection, nettoyage, pri\u00e8res de soins, les ondes de forme, les planches radiesth\u00e9siques, les questions au pendule, la purification, exercices pratiques.<\/span><\/p><p>Module 2 :<span style=\"font-weight: normal;\"> Le corps \u00e9nerg\u00e9tique : les 7 corps subtils, le taux vibratoire, l\u2019harmonisation globale de l&rsquo;\u00eatre, le nettoyage des parasites \u00e9motionnels et mentaux, le Bouclier de lumi\u00e8re et la coque de protection, les liens \u00e9th\u00e9riques, la fermeture des passages invisibles, le colmatage des failles auriques, la transmutation des formes pens\u00e9es.<\/span><\/p><p>Module 3 : <span style=\"font-weight: normal;\">Les Rituels \u00e9nerg\u00e9tiques et Symboliques : actes symboliques de lib\u00e9ration \u00e9nerg\u00e9tique, \u00e9motionnelle ou ancestrale, pour rompre les liens d\u2019attachement, les liens toxiques, le courrier th\u00e9rapie, l&rsquo;\u00e9criture intuitive, l&rsquo;analogie, les arch\u00e9types, le recouvrement d\u2019\u00e2me.<\/span><\/p><p>Module 4 :<span style=\"font-weight: normal;\"> Protections des \u00e9nergies n\u00e9gatives : les parasites et implants, les pri\u00e8res de gu\u00e9rison, le gardien de la maison, les invocations de protection, l\u2019emprisom\u00e8tre, d\u00e9crets de lib\u00e9ration, le vampirisme \u00e9nerg\u00e9tique, les outils de purification, la cons\u00e9cration des encens, pierres et bougies.<\/span><\/p><p>Module 5 : <span style=\"font-weight: normal;\">Intentions et codes de gu\u00e9rison: les S\u00e9quences num\u00e9riques de Grabovo\u00ef, les enseignements re\u00e7us des \u00eatres de Lumi\u00e8re, les mots porteurs d&rsquo;\u00e9nergie de gu\u00e9rison, protocole complet Ho\u2019 Oponopono, protocole d\u2019enracinement.<\/span><\/p><p>Module 6 :<span style=\"font-weight: normal;\">\u00a0Initiation \u00e0 l&rsquo;Ang\u00e9ologie: D\u00e9couvrir et contacter son guide ancestral, accueillir la r\u00e9gence des Anges et Archanges, la hi\u00e9rarchie des Ma\u00eetres, rituel d&rsquo;invocation, soins de d\u00e9blocages et d&rsquo;abondance, comment entrer en contact et faire ses demandes de soutien.<\/span><\/p><p>Module 7 :<span style=\"font-weight: normal;\"> Les Mantras sacr\u00e9s et les fr\u00e9quences de gu\u00e9rison sonores: les lettres h\u00e9bra\u00efques, la num\u00e9rologie du pr\u00e9nom et chemin de vie, les cl\u00e9s de naissance.<\/span><\/p><p><span style=\"font-weight: normal;\">La m\u00e9ditation, la danse intuitive, le chant spontan\u00e9, les pratiques en bin\u00f4me, les tirages d&rsquo;Oracle, les partages et les apports conceptuels sont inh\u00e9rents \u00e0 chaque journ\u00e9e afin d&rsquo;\u00e9lever, d&rsquo;affiner et d\u00e9ployer ses perceptions<\/span><\/p><p>Le format de l&rsquo;atelier : Collectif bienveillant, un samedi par mois durant 7 mois<\/p><p>Lieu : Jou\u00e9-Les-Tours<\/p><p><span style=\"font-weight: normal;\">La contribution financi\u00e8re : 90\u20ac par journ\u00e9e &#8211; Engagement conseill\u00e9 sur le cycle complet, accessible par Module<\/span><\/p><p><span style=\"font-weight: normal;\">Inscription et r\u00e9servation : 50\u20ac \u00e0 m&rsquo;adresser par ch\u00e8que au 3 mail Suzanne Valadon 37000 Tours<\/span><\/p><p><span style=\"font-weight: normal;\">Table d&rsquo;abondance en partage pour le repas du midi<\/span><\/p><p><span style=\"font-weight: normal;\">Si cet enseignement t&rsquo;appelle, adresse moi un mail <a href=\"mailto:ccb37000@gmail.com\">ccb37000@gmail.com<\/a><\/span><\/p><p><span style=\"font-weight: normal;\">Dans la r\u00e9sonance de l&rsquo;Amour, CoCo<\/span><\/p>\t\t\t\t\t\t<\/div>\n\t\t\t\t<\/div>\n\t\t\t\t\t<\/div>\r\n\t\t\t\t<\/div>\r\n\t\t\t\t<div class=\"elementor-column elementor-col-50 elementor-top-column elementor-element elementor-element-009409f\" data-id=\"009409f\" data-element_type=\"column\">\r\n\t\t\t\t\t<div class=\"elementor-widget-wrap elementor-element-populated\">\r\n\t\t\t\t\t\t\t\t<div class=\"elementor-element elementor-element-80fec41 elementor-widget elementor-widget-image\" data-id=\"80fec41\" data-element_type=\"widget\" data-widget_type=\"image.default\">\n\t\t\t\t<div class=\"elementor-widget-container\">\n\t\t\t\t\t\t\t\t\t\t\t\t\t<img loading=\"lazy\" decoding=\"async\" width=\"721\" height=\"1024\" src=\"https:\/\/mesvoyagesinterieurs.com\/wp-content\/uploads\/2026\/01\/Les-Sages-parcours-spirituel-Corinne-Collin-Bellet-01-16-2026_07_54_PM-1-721x1024.png\" class=\"attachment-large size-large wp-image-6595\" alt=\"\" srcset=\"https:\/\/mesvoyagesinterieurs.com\/wp-content\/uploads\/2026\/01\/Les-Sages-parcours-spirituel-Corinne-Collin-Bellet-01-16-2026_07_54_PM-1-721x1024.png 721w, https:\/\/mesvoyagesinterieurs.com\/wp-content\/uploads\/2026\/01\/Les-Sages-parcours-spirituel-Corinne-Collin-Bellet-01-16-2026_07_54_PM-1-320x455.png 320w, https:\/\/mesvoyagesinterieurs.com\/wp-content\/uploads\/2026\/01\/Les-Sages-parcours-spirituel-Corinne-Collin-Bellet-01-16-2026_07_54_PM-1-480x682.png 480w, https:\/\/mesvoyagesinterieurs.com\/wp-content\/uploads\/2026\/01\/Les-Sages-parcours-spirituel-Corinne-Collin-Bellet-01-16-2026_07_54_PM-1-640x909.png 640w, https:\/\/mesvoyagesinterieurs.com\/wp-content\/uploads\/2026\/01\/Les-Sages-parcours-spirituel-Corinne-Collin-Bellet-01-16-2026_07_54_PM-1-400x568.png 400w, https:\/\/mesvoyagesinterieurs.com\/wp-content\/uploads\/2026\/01\/Les-Sages-parcours-spirituel-Corinne-Collin-Bellet-01-16-2026_07_54_PM-1-367x521.png 367w, https:\/\/mesvoyagesinterieurs.com\/wp-content\/uploads\/2026\/01\/Les-Sages-parcours-spirituel-Corinne-Collin-Bellet-01-16-2026_07_54_PM-1-600x852.png 600w\" sizes=\"(max-width: 721px) 100vw, 721px\" \/>\t\t\t\t\t\t\t\t\t\t\t\t\t<\/div>\n\t\t\t\t<\/div>\n\t\t\t\t<div class=\"elementor-element elementor-element-c8bc917 elementor-widget elementor-widget-porto_steps\" data-id=\"c8bc917\" data-element_type=\"widget\" data-widget_type=\"porto_steps.default\">\n\t\t\t\t<div class=\"elementor-widget-container\">\n\t\t\t<div class=\"timeline-circle background-color-primary border-transparent no-box-shadow text-color-light center m-b-lg  \"><div class=\"circle-dotted\"><div class=\"circle-center\"><span class=\"step-title text-color-light font-weight-bold m-b-none\">laVOIE<\/span><span class=\"step-subtitle text-color-light\"> des Sages<\/span><\/div><\/div><\/div><div class=\"timeline-balloon p-b-lg m-b-sm \"><div class=\"balloon-cell balloon-time\"><span class=\"time-text step-item-subtitle\">SEPT 2026<\/span><div class=\"time-dot background-color-light\"><\/div><\/div><div class=\"balloon-cell\"><div class=\"balloon-content background-color-light\"><span class=\"balloon-arrow\"><\/span><div class=\"balloon-photo\"><i class=\"fas fa-star\"><\/i><\/div><div class=\"balloon-description\"><h5 class=\"step-item-title text-color-dark font-weight-bold p-t-xs\">12 septembre  2026<\/h5><div class=\"step-item-desc\"><p>Atelier de la voie des sages - ACTES &amp; RITUELS SYMBOLIQUES<br \/>de 9h30 \u00e0 19h<\/p><\/div><\/div><\/div><\/div><\/div>\t\t<\/div>\n\t\t\t\t<\/div>\n\t\t\t\t<div class=\"elementor-element elementor-element-e126e93 elementor-widget elementor-widget-image\" data-id=\"e126e93\" data-element_type=\"widget\" data-widget_type=\"image.default\">\n\t\t\t\t<div class=\"elementor-widget-container\">\n\t\t\t\t\t\t\t\t\t\t\t\t\t<img loading=\"lazy\" decoding=\"async\" width=\"683\" height=\"1024\" src=\"https:\/\/mesvoyagesinterieurs.com\/wp-content\/uploads\/2026\/08\/LES-SAGES-09.26-683x1024.png\" class=\"attachment-large size-large wp-image-7349\" alt=\"\" srcset=\"https:\/\/mesvoyagesinterieurs.com\/wp-content\/uploads\/2026\/08\/LES-SAGES-09.26-683x1024.png 683w, https:\/\/mesvoyagesinterieurs.com\/wp-content\/uploads\/2026\/08\/LES-SAGES-09.26-320x480.png 320w, https:\/\/mesvoyagesinterieurs.com\/wp-content\/uploads\/2026\/08\/LES-SAGES-09.26-480x720.png 480w, https:\/\/mesvoyagesinterieurs.com\/wp-content\/uploads\/2026\/08\/LES-SAGES-09.26-640x960.png 640w, https:\/\/mesvoyagesinterieurs.com\/wp-content\/uploads\/2026\/08\/LES-SAGES-09.26-400x600.png 400w, https:\/\/mesvoyagesinterieurs.com\/wp-content\/uploads\/2026\/08\/LES-SAGES-09.26-367x551.png 367w, https:\/\/mesvoyagesinterieurs.com\/wp-content\/uploads\/2026\/08\/LES-SAGES-09.26-600x900.png 600w\" sizes=\"(max-width: 683px) 100vw, 683px\" \/>\t\t\t\t\t\t\t\t\t\t\t\t\t<\/div>\n\t\t\t\t<\/div>\n\t\t\t\t<div class=\"elementor-element elementor-element-48fd194 elementor-widget elementor-widget-image\" data-id=\"48fd194\" data-element_type=\"widget\" data-widget_type=\"image.default\">\n\t\t\t\t<div class=\"elementor-widget-container\">\n\t\t\t\t\t\t\t\t\t\t\t\t\t<img loading=\"lazy\" decoding=\"async\" width=\"683\" height=\"1024\" src=\"https:\/\/mesvoyagesinterieurs.com\/wp-content\/uploads\/2026\/06\/1780252090-683x1024.png\" class=\"attachment-large size-large wp-image-7182\" alt=\"\" srcset=\"https:\/\/mesvoyagesinterieurs.com\/wp-content\/uploads\/2026\/06\/1780252090-683x1024.png 683w, https:\/\/mesvoyagesinterieurs.com\/wp-content\/uploads\/2026\/06\/1780252090-320x480.png 320w, https:\/\/mesvoyagesinterieurs.com\/wp-content\/uploads\/2026\/06\/1780252090-480x720.png 480w, https:\/\/mesvoyagesinterieurs.com\/wp-content\/uploads\/2026\/06\/1780252090-640x960.png 640w, https:\/\/mesvoyagesinterieurs.com\/wp-content\/uploads\/2026\/06\/1780252090-400x600.png 400w, https:\/\/mesvoyagesinterieurs.com\/wp-content\/uploads\/2026\/06\/1780252090-367x551.png 367w, https:\/\/mesvoyagesinterieurs.com\/wp-content\/uploads\/2026\/06\/1780252090-600x900.png 600w\" sizes=\"(max-width: 683px) 100vw, 683px\" \/>\t\t\t\t\t\t\t\t\t\t\t\t\t<\/div>\n\t\t\t\t<\/div>\n\t\t\t\t\t<\/div>\r\n\t\t\t\t<\/div>\r\n\t\t\t\t\t<\/div>\r\n\t\t\t\t<\/section>\r\n\t\t\t\t<\/div>\n\t\t","protected":false},"excerpt":{"rendered":"<p>Retraite Immersive \u00e0 Marrakech Du 21 au 28 novembre 2026 L&rsquo;art de la Deuxi\u00e8me Vie Quand la retraite devient le d\u00e9but d&rsquo;une nouvelle aventure int\u00e9rieure. \u00c0 l&rsquo;heure o\u00f9 le travail s&rsquo;efface, une autre question appara\u00eet :Qui suis-je lorsque je ne suis plus\u00a0d\u00e9fini par ce que je fais? Pendant quelques jours, immerg\u00e9e dans la magie de [&hellip;]<\/p>\n","protected":false},"author":1,"featured_media":0,"parent":0,"menu_order":0,"comment_status":"closed","ping_status":"closed","template":"","meta":{"content-type":"","footnotes":""},"class_list":["post-6553","page","type-page","status-publish","hentry"],"acf":[],"_links":{"self":[{"href":"https:\/\/mesvoyagesinterieurs.com\/index.php\/wp-json\/wp\/v2\/pages\/6553","targetHints":{"allow":["GET"]}}],"collection":[{"href":"https:\/\/mesvoyagesinterieurs.com\/index.php\/wp-json\/wp\/v2\/pages"}],"about":[{"href":"https:\/\/mesvoyagesinterieurs.com\/index.php\/wp-json\/wp\/v2\/types\/page"}],"author":[{"embeddable":true,"href":"https:\/\/mesvoyagesinterieurs.com\/index.php\/wp-json\/wp\/v2\/users\/1"}],"replies":[{"embeddable":true,"href":"https:\/\/mesvoyagesinterieurs.com\/index.php\/wp-json\/wp\/v2\/comments?post=6553"}],"version-history":[{"count":149,"href":"https:\/\/mesvoyagesinterieurs.com\/index.php\/wp-json\/wp\/v2\/pages\/6553\/revisions"}],"predecessor-version":[{"id":7355,"href":"https:\/\/mesvoyagesinterieurs.com\/index.php\/wp-json\/wp\/v2\/pages\/6553\/revisions\/7355"}],"wp:attachment":[{"href":"https:\/\/mesvoyagesinterieurs.com\/index.php\/wp-json\/wp\/v2\/media?parent=6553"}],"curies":[{"name":"wp","href":"https:\/\/api.w.org\/{rel}","templated":true}]}}