{"id":4681,"date":"2024-05-30T07:34:01","date_gmt":"2024-05-30T05:34:01","guid":{"rendered":"https:\/\/mesvoyagesinterieurs.com\/?post_type=product&#038;p=4681"},"modified":"2024-06-25T10:29:05","modified_gmt":"2024-06-25T08:29:05","slug":"eclosiondelamourentoi","status":"publish","type":"product","link":"https:\/\/mesvoyagesinterieurs.com\/index.php\/product\/eclosiondelamourentoi\/","title":{"rendered":"L&rsquo;\u00e9closion de l&rsquo;amour en toi"},"content":{"rendered":"","protected":false},"excerpt":{"rendered":"<p><b><strong>En collaboration avec le musicien Damien Dubois<\/strong><\/b><\/p>\n<div dir=\"auto\">\n<div>\n<div>L&rsquo;amour est une force incroyablement puissante qui peut changer le monde. En tant qu\u2019\u00eatre humain, nous avons tous la capacit\u00e9 d\u2019aimer et d\u2019\u00eatre aim\u00e9 en nous d\u00e9centrant de nos croyances. Lui permettre d&rsquo;\u00e9clore en vous, fertilise vos potentiels et nourrit votre humanit\u00e9.<\/div>\n<div>Dans ce soin m\u00e9ditation, ma voix vous berce avec amour vers ce que vous \u00eates de plus beau !<\/div>\n<\/div>\n<div><\/div>\n<div><b>Comment pratiquer cet Audio soin m\u00e9ditatif<\/b><\/div>\n<div><\/div>\n<div>Tout comme pour une m\u00e9ditation, ces audios de courte dur\u00e9e sont destin\u00e9s \u00e0 vous apaiser en quelques minutes quelle que soit la probl\u00e9matique que vous rencontrez.<\/div>\n<\/div>\n<div dir=\"auto\">\n<div>Ils sont enregistr\u00e9s avec la pr\u00e9sence d&rsquo;Archanges, de guides et surtout de Marie<\/div>\n<div>Ils sont donc intemporels. Quel que soit le moment choisi, vous b\u00e9n\u00e9ficiez de leurs gr\u00e2ces d\u00e9pos\u00e9es sur ma voix<\/div>\n<div>Vous pouvez en \u00e9couter plusieurs \u00e0 la suite mais sachez prendre le temps de laisser infuser un soin, d&rsquo;en int\u00e9grer pleinement ses b\u00e9n\u00e9fices<\/div>\n<div>Choisissez le moment opportun afin de ne pas \u00eatre d\u00e9rang\u00e9, l\u00e2chez toute attente au profit de l&rsquo;exp\u00e9rience et accueillez ce qui \u00e9merge !<\/div>\n<div><\/div>\n<div><b>Quel b\u00e9n\u00e9fice attendre de ce soin m\u00e9ditatif ?<\/b><\/div>\n<div><\/div>\n<div>Les ressentis sont uniques comme nous. Un soin ou un audio m\u00e9ditatif ne sont pas des outils magiques.<\/div>\n<div>Gardez bon sens et discernement, je mets tout mon coeur dans ma plume, mes enregistrements et les pr\u00e9sences c\u00e9lestes font le reste pour vous guider.<\/div>\n<div><\/div>\n<div><b>De mani\u00e8re g\u00e9n\u00e9rale, mon audio soin vous apportera :<\/b><\/div>\n<ul>\n<li>Un retour au calme tr\u00e8s rapide par ma voix<\/li>\n<li>Une sensation de bulle enveloppante de douceur et de Paix int\u00e9rieure<\/li>\n<li>Le go\u00fbt de vous poser et de prendre du temps rien que pour vous<\/li>\n<li>Vous \u00e9veiller \u00e0 respirer et m\u00e9diter en conscience<\/li>\n<li>A d\u00e9velopper plus d&rsquo;attention au pr\u00e9sent<\/li>\n<li>A ralentir vos pas, vos gestes, vos pens\u00e9es<\/li>\n<\/ul>\n<\/div>\n","protected":false},"featured_media":4898,"template":"","meta":{"content-type":""},"product_cat":[39],"product_tag":[40,36,38],"class_list":["post-4681","product","type-product","status-publish","has-post-thumbnail","hentry","product_cat-album-saimer-jour-apres-jour","product_tag-musique","product_tag-bien-etre","product_tag-developpement-personnel"],"acf":[],"_links":{"self":[{"href":"https:\/\/mesvoyagesinterieurs.com\/index.php\/wp-json\/wp\/v2\/product\/4681","targetHints":{"allow":["GET"]}}],"collection":[{"href":"https:\/\/mesvoyagesinterieurs.com\/index.php\/wp-json\/wp\/v2\/product"}],"about":[{"href":"https:\/\/mesvoyagesinterieurs.com\/index.php\/wp-json\/wp\/v2\/types\/product"}],"version-history":[{"count":4,"href":"https:\/\/mesvoyagesinterieurs.com\/index.php\/wp-json\/wp\/v2\/product\/4681\/revisions"}],"predecessor-version":[{"id":4922,"href":"https:\/\/mesvoyagesinterieurs.com\/index.php\/wp-json\/wp\/v2\/product\/4681\/revisions\/4922"}],"wp:featuredmedia":[{"embeddable":true,"href":"https:\/\/mesvoyagesinterieurs.com\/index.php\/wp-json\/wp\/v2\/media\/4898"}],"wp:attachment":[{"href":"https:\/\/mesvoyagesinterieurs.com\/index.php\/wp-json\/wp\/v2\/media?parent=4681"}],"wp:term":[{"taxonomy":"product_cat","embeddable":true,"href":"https:\/\/mesvoyagesinterieurs.com\/index.php\/wp-json\/wp\/v2\/product_cat?post=4681"},{"taxonomy":"product_tag","embeddable":true,"href":"https:\/\/mesvoyagesinterieurs.com\/index.php\/wp-json\/wp\/v2\/product_tag?post=4681"}],"curies":[{"name":"wp","href":"https:\/\/api.w.org\/{rel}","templated":true}]}}